{"id":3824,"date":"2019-02-05T18:41:41","date_gmt":"2019-02-05T23:41:41","guid":{"rendered":"http:\/\/jeanpaulsimard.com\/?page_id=3824"},"modified":"2019-02-05T18:41:41","modified_gmt":"2019-02-05T23:41:41","slug":"politique-de-confidentialite","status":"publish","type":"page","link":"https:\/\/jeanpaulsimard.com\/index.php\/politique-de-confidentialite\/","title":{"rendered":"Politique de confidentialit\u00e9"},"content":{"rendered":"<h2>Qui sommes-nous\u00a0?<\/h2>\n<p>L\u2019adresse de notre site Web est\u00a0: http:\/\/jeanpaulsimard.com.<\/p>\n<h2>Utilisation des donn\u00e9es personnelles collect\u00e9es<\/h2>\n<h3>Commentaires<\/h3>\n<p>Quand vous laissez un commentaire sur notre site web, les donn\u00e9es inscrites dans le formulaire de commentaire, mais aussi votre adresse IP et l\u2019agent utilisateur de votre navigateur sont collect\u00e9s pour nous aider \u00e0 la d\u00e9tection des commentaires ind\u00e9sirables.<\/p>\n<p>Une cha\u00eene anonymis\u00e9e cr\u00e9\u00e9e \u00e0 partir de votre adresse de messagerie (\u00e9galement appel\u00e9e hash) peut \u00eatre envoy\u00e9e au service Gravatar pour v\u00e9rifier si vous utilisez ce dernier. Les clauses de confidentialit\u00e9 du service Gravatar sont disponibles ici\u00a0: https:\/\/automattic.com\/privacy\/. Apr\u00e8s validation de votre commentaire, votre photo de profil sera visible publiquement \u00e0 cot\u00e9 de votre commentaire.<\/p>\n<h3>M\u00e9dias<\/h3>\n<p>Si vous \u00eates un utilisateur ou une utilisatrice enregistr\u00e9\u00b7e et que vous t\u00e9l\u00e9versez des images sur le site web, nous vous conseillons d\u2019\u00e9viter de t\u00e9l\u00e9verser des images contenant des donn\u00e9es EXIF de coordonn\u00e9es GPS. Les visiteurs de votre site web peuvent t\u00e9l\u00e9charger et extraire des donn\u00e9es de localisation depuis ces images.<\/p>\n<h3>Formulaires de contact<\/h3>\n<h3>Cookies<\/h3>\n<p>Si vous d\u00e9posez un commentaire sur notre site, il vous sera propos\u00e9 d\u2019enregistrer votre nom, adresse de messagerie et site web dans des cookies. C\u2019est uniquement pour votre confort afin de ne pas avoir \u00e0 saisir ces informations si vous d\u00e9posez un autre commentaire plus tard. Ces cookies expirent au bout d\u2019un an.<\/p>\n<p>Si vous avez un compte et que vous vous connectez sur ce site, un cookie temporaire sera cr\u00e9\u00e9 afin de d\u00e9terminer si votre navigateur accepte les cookies. Il ne contient pas de donn\u00e9es personnelles et sera supprim\u00e9 automatiquement \u00e0 la fermeture de votre navigateur.<\/p>\n<p>Lorsque vous vous connecterez, nous mettrons en place un certain nombre de cookies pour enregistrer vos informations de connexion et vos pr\u00e9f\u00e9rences d\u2019\u00e9cran. La dur\u00e9e de vie d\u2019un cookie de connexion est de deux jours, celle d\u2019un cookie d\u2019option d\u2019\u00e9cran est d\u2019un an. Si vous cochez \u00ab\u00a0Se souvenir de moi\u00a0\u00bb, votre cookie de connexion sera conserv\u00e9 pendant deux semaines. Si vous vous d\u00e9connectez de votre compte, le cookie de connexion sera effac\u00e9.<\/p>\n<p>En modifiant ou en publiant une publication, un cookie suppl\u00e9mentaire sera enregistr\u00e9 dans votre navigateur. Ce cookie ne comprend aucune donn\u00e9e personnelle. Il indique simplement l\u2019ID de la publication que vous venez de modifier. Il expire au bout d\u2019un jour.<\/p>\n<h3>Contenu embarqu\u00e9 depuis d\u2019autres sites<\/h3>\n<p>Les articles de ce site peuvent inclure des contenus int\u00e9gr\u00e9s (par exemple des vid\u00e9os, images, articles\u2026). Le contenu int\u00e9gr\u00e9 depuis d\u2019autres sites se comporte de la m\u00eame mani\u00e8re que si le visiteur se rendait sur cet autre site.<\/p>\n<p>Ces sites web pourraient collecter des donn\u00e9es sur vous, utiliser des cookies, embarquer des outils de suivis tiers, suivre vos interactions avec ces contenus embarqu\u00e9s si vous disposez d\u2019un compte connect\u00e9 sur leur site web.<\/p>\n<h3>Statistiques et mesures d\u2019audience<\/h3>\n<h2>Utilisation et transmission de vos donn\u00e9es personnelles<\/h2>\n<h2>Dur\u00e9es de stockage de vos donn\u00e9es<\/h2>\n<p>Si vous laissez un commentaire, le commentaire et ses m\u00e9tadonn\u00e9es sont conserv\u00e9s ind\u00e9finiment. Cela permet de reconna\u00eetre et approuver automatiquement les commentaires suivants au lieu de les laisser dans la file de mod\u00e9ration.<\/p>\n<p>Pour les utilisateurs et utilisatrices qui s\u2019enregistrent sur notre site (si cela est possible), nous stockons \u00e9galement les donn\u00e9es personnelles indiqu\u00e9es dans leur profil. Tous les utilisateurs et utilisatrices peuvent voir, modifier ou supprimer leurs informations personnelles \u00e0 tout moment (\u00e0 l\u2019exception de leur nom d\u2019utilisateur\u00b7ice). Les gestionnaires du site peuvent aussi voir et modifier ces informations.<\/p>\n<h2>Les droits que vous avez sur vos donn\u00e9es<\/h2>\n<p>Si vous avez un compte ou si vous avez laiss\u00e9 des commentaires sur le site, vous pouvez demander \u00e0 recevoir un fichier contenant toutes les donn\u00e9es personnelles que nous poss\u00e9dons \u00e0 votre sujet, incluant celles que vous nous avez fournies. Vous pouvez \u00e9galement demander la suppression des donn\u00e9es personnelles vous concernant. Cela ne prend pas en compte les donn\u00e9es stock\u00e9es \u00e0 des fins administratives, l\u00e9gales ou pour des raisons de s\u00e9curit\u00e9.<\/p>\n<h2>Transmission de vos donn\u00e9es personnelles<\/h2>\n<p>Les commentaires des visiteurs peuvent \u00eatre v\u00e9rifi\u00e9s \u00e0 l\u2019aide d\u2019un service automatis\u00e9 de d\u00e9tection des commentaires ind\u00e9sirables.<\/p>\n<h2>Informations de contact<\/h2>\n<h2>Informations suppl\u00e9mentaires<\/h2>\n<h3>Comment nous prot\u00e9geons vos donn\u00e9es<\/h3>\n<h3>Proc\u00e9dures mises en \u0153uvre en cas de fuite de donn\u00e9es<\/h3>\n<h3>Les services tiers qui nous transmettent des donn\u00e9es<\/h3>\n<h3>Op\u00e9rations de marketing automatis\u00e9 et\/ou de profilage r\u00e9alis\u00e9es \u00e0 l\u2019aide des donn\u00e9es personnelles<\/h3>\n<h3>Affichage des informations li\u00e9es aux secteurs soumis \u00e0 des r\u00e9gulations sp\u00e9cifiques<\/h3>\n<div class=\"sharedaddy sd-sharing-enabled\"><div class=\"robots-nocontent sd-block sd-social sd-social-icon-text sd-sharing\"><h3 class=\"sd-title\">Partager\u00a0:<\/h3><div class=\"sd-content\"><ul><li class=\"share-facebook\"><a rel=\"nofollow noopener noreferrer\" data-shared=\"sharing-facebook-3824\" class=\"share-facebook sd-button share-icon\" href=\"https:\/\/jeanpaulsimard.com\/index.php\/politique-de-confidentialite\/?share=facebook\" target=\"_blank\" title=\"Cliquez pour partager sur Facebook\"><span>Facebook<\/span><\/a><\/li><li class=\"share-twitter\"><a rel=\"nofollow noopener noreferrer\" data-shared=\"sharing-twitter-3824\" class=\"share-twitter sd-button share-icon\" href=\"https:\/\/jeanpaulsimard.com\/index.php\/politique-de-confidentialite\/?share=twitter\" target=\"_blank\" title=\"Cliquez pour partager sur Twitter\"><span>Twitter<\/span><\/a><\/li><li class=\"share-linkedin\"><a rel=\"nofollow noopener noreferrer\" data-shared=\"sharing-linkedin-3824\" class=\"share-linkedin sd-button share-icon\" href=\"https:\/\/jeanpaulsimard.com\/index.php\/politique-de-confidentialite\/?share=linkedin\" target=\"_blank\" title=\"Cliquez pour partager sur LinkedIn\"><span>LinkedIn<\/span><\/a><\/li><li class=\"share-pinterest\"><a rel=\"nofollow noopener noreferrer\" data-shared=\"sharing-pinterest-3824\" class=\"share-pinterest sd-button share-icon\" href=\"https:\/\/jeanpaulsimard.com\/index.php\/politique-de-confidentialite\/?share=pinterest\" target=\"_blank\" title=\"Cliquez pour partager sur Pinterest\"><span>Pinterest<\/span><\/a><\/li><li class=\"share-email\"><a rel=\"nofollow noopener noreferrer\" data-shared=\"\" class=\"share-email sd-button share-icon\" href=\"https:\/\/jeanpaulsimard.com\/index.php\/politique-de-confidentialite\/?share=email\" target=\"_blank\" title=\"Cliquez pour envoyer par e-mail \u00e0 un ami\"><span>E-mail<\/span><\/a><\/li><li class=\"share-print\"><a rel=\"nofollow noopener noreferrer\" data-shared=\"\" class=\"share-print sd-button share-icon\" href=\"https:\/\/jeanpaulsimard.com\/index.php\/politique-de-confidentialite\/\" target=\"_blank\" title=\"Cliquer pour imprimer\"><span>Imprimer<\/span><\/a><\/li><li class=\"share-end\"><\/li><\/ul><\/div><\/div><\/div>","protected":false},"excerpt":{"rendered":"<p>Qui sommes-nous\u00a0? L\u2019adresse de notre site Web est\u00a0: http:\/\/jeanpaulsimard.com. Utilisation des donn\u00e9es personnelles collect\u00e9es Commentaires Quand vous laissez un commentaire sur notre site web, les donn\u00e9es inscrites dans le formulaire de commentaire, mais aussi votre adresse IP et l\u2019agent utilisateur de votre navigateur sont collect\u00e9s pour nous aider \u00e0 la d\u00e9tection des commentaires ind\u00e9sirables. Une [&hellip;]<\/p>\n<div class=\"sharedaddy sd-sharing-enabled\"><div class=\"robots-nocontent sd-block sd-social sd-social-icon-text sd-sharing\"><h3 class=\"sd-title\">Partager\u00a0:<\/h3><div class=\"sd-content\"><ul><li class=\"share-facebook\"><a rel=\"nofollow noopener noreferrer\" data-shared=\"sharing-facebook-3824\" class=\"share-facebook sd-button share-icon\" href=\"https:\/\/jeanpaulsimard.com\/index.php\/politique-de-confidentialite\/?share=facebook\" target=\"_blank\" title=\"Cliquez pour partager sur Facebook\"><span>Facebook<\/span><\/a><\/li><li class=\"share-twitter\"><a rel=\"nofollow noopener noreferrer\" data-shared=\"sharing-twitter-3824\" class=\"share-twitter sd-button share-icon\" href=\"https:\/\/jeanpaulsimard.com\/index.php\/politique-de-confidentialite\/?share=twitter\" target=\"_blank\" title=\"Cliquez pour partager sur Twitter\"><span>Twitter<\/span><\/a><\/li><li class=\"share-linkedin\"><a rel=\"nofollow noopener noreferrer\" data-shared=\"sharing-linkedin-3824\" class=\"share-linkedin sd-button share-icon\" href=\"https:\/\/jeanpaulsimard.com\/index.php\/politique-de-confidentialite\/?share=linkedin\" target=\"_blank\" title=\"Cliquez pour partager sur LinkedIn\"><span>LinkedIn<\/span><\/a><\/li><li class=\"share-pinterest\"><a rel=\"nofollow noopener noreferrer\" data-shared=\"sharing-pinterest-3824\" class=\"share-pinterest sd-button share-icon\" href=\"https:\/\/jeanpaulsimard.com\/index.php\/politique-de-confidentialite\/?share=pinterest\" target=\"_blank\" title=\"Cliquez pour partager sur Pinterest\"><span>Pinterest<\/span><\/a><\/li><li class=\"share-email\"><a rel=\"nofollow noopener noreferrer\" data-shared=\"\" class=\"share-email sd-button share-icon\" href=\"https:\/\/jeanpaulsimard.com\/index.php\/politique-de-confidentialite\/?share=email\" target=\"_blank\" title=\"Cliquez pour envoyer par e-mail \u00e0 un ami\"><span>E-mail<\/span><\/a><\/li><li class=\"share-print\"><a rel=\"nofollow noopener noreferrer\" data-shared=\"\" class=\"share-print sd-button share-icon\" href=\"https:\/\/jeanpaulsimard.com\/index.php\/politique-de-confidentialite\/\" target=\"_blank\" title=\"Cliquer pour imprimer\"><span>Imprimer<\/span><\/a><\/li><li class=\"share-end\"><\/li><\/ul><\/div><\/div><\/div>","protected":false},"author":2,"featured_media":0,"parent":0,"menu_order":0,"comment_status":"closed","ping_status":"closed","template":"","meta":{"spay_email":""},"jetpack_sharing_enabled":true,"jetpack_shortlink":"https:\/\/wp.me\/P6sIY6-ZG","jetpack-related-posts":[{"id":193,"url":"https:\/\/jeanpaulsimard.com\/index.php\/sample-page\/avez-vous-une-trousse-de-premiers-soins-spirituels\/","url_meta":{"origin":3824,"position":0},"title":"Avez-vous une trousse spirituelle de premiers soins ?","date":"14 juillet 2015","format":false,"excerpt":"TROUSSE SPIRITUELLE DE PREMIERS SOINS ... VIENT DE PARA\u00ceTRE AUX \u00c9DITIONS M\u00c9DIASPAUL (CANADA \/ FRANCE \/ EUROPE) \u00a0[Maintenant disponible en Europe] Fiche technique du livre : http:\/\/mediaspaul.qc.ca\/catalogue\/trousse-spirituelle-de-premiers-soins-8845 Recens\u00e9 par le journal LE DEVOIR : http:\/\/www.ledevoir.com\/societe\/ethique-et-religion\/466331\/trousse-spirituelle-de-premiers-soins Le livre existe aussi en format num\u00e9rique (PDF et ePub) L'ID\u00c9E D'\u00c9CRIRE CE LIVRE m'est\u2026","rel":"","context":"Article similaire","img":{"alt_text":"MP_Trousse spirituelle_quatrieme_01","src":"https:\/\/i1.wp.com\/jeanpaulsimard.com\/wp-content\/uploads\/2015\/07\/MP_Trousse-spirituelle_quatrieme_01-1024x747.jpg?resize=350%2C200","width":350,"height":200},"classes":[]},{"id":50,"url":"https:\/\/jeanpaulsimard.com\/index.php\/sample-page\/renaitre-des-pertes-de-la-vie\/","url_meta":{"origin":3824,"position":1},"title":"Rena\u00eetre des pertes de la vie","date":"11 juillet 2015","format":false,"excerpt":"UN LIVRE QUI CHANGERA VOTRE VIE... ! CE LIVRE n'est pas uniquement destin\u00e9 aux personnes concern\u00e9es par un deuil, mais bien davantage \u00e0 celles qui connaissent des \u00e9preuves de toutes sortes dans la vie\u2026 TOUTE PERSONNE conna\u00eet un jour la souffrance, les deuils, l\u2019\u00e9chec, le malheur. Pourtant, chaque perte ou\u2026","rel":"","context":"Article similaire","img":{"alt_text":"","src":"","width":0,"height":0},"classes":[]},{"id":93,"url":"https:\/\/jeanpaulsimard.com\/index.php\/sample-page\/la-concentration-creatrice\/","url_meta":{"origin":3824,"position":2},"title":"La concentration cr\u00e9atrice","date":"11 juillet 2015","format":false,"excerpt":"Un ouvrage de RESSOURCEMENT. Un RETOUR AUX SOURCES \u00a0La psychologie moderne a confirm\u00e9 les possibilit\u00e9s presque sans limites de l'esprit et du corps lorsque toutes leurs forces se concentrent en un seul point : soi-m\u00eame, un sentiment, une id\u00e9e, un id\u00e9al. Les sages orientaux ont pour leur part fait de\u2026","rel":"","context":"Article similaire","img":{"alt_text":"","src":"","width":0,"height":0},"classes":[]},{"id":47,"url":"https:\/\/jeanpaulsimard.com\/index.php\/sample-page\/renouer-avec-dieu\/","url_meta":{"origin":3824,"position":3},"title":"Renouer avec Dieu","date":"11 juillet 2015","format":false,"excerpt":"PEUT-ON ALLER \u00c0 DIEU SANS PASSER PAR LA RELIGION Vous n\u2019avez pas le c\u0153ur \u00e0 entrer dans une \u00e9glise, mais vous sentez un appel \u00e0 la spiritualit\u00e9. Vous \u00e9prouvez le besoin d'une vie moins superficielle? Vous voulez combler votre \u00abvide\u00bb int\u00e9rieur? Vous d\u00e9sirez communiquer avec le \u00abnoyau spirituel\u00bb de votre\u2026","rel":"","context":"Article similaire","img":{"alt_text":"","src":"https:\/\/i0.wp.com\/jeanpaulsimard.com\/wp\/wp-content\/uploads\/2015\/07\/Renouer-avec-Dieu-224x300.jpg?resize=350%2C200","width":350,"height":200},"classes":[]},{"id":19,"url":"https:\/\/jeanpaulsimard.com\/","url_meta":{"origin":3824,"position":4},"title":"Trouvez ici ce que vous cherchez","date":"10 juillet 2015","format":false,"excerpt":"\"Pour son accomplissement, l'homme n'a pas besoin de perfection mais de pl\u00e9nitude. \" (Carl Jung) Nouveaut\u00e9 E N\u00a0 L I B R A I R I E\u00a0 Ce livre propose des m\u00e9thodes pour se lib\u00e9rer des pens\u00e9es envahissantes, n\u00e9gatives ou toxiques qui perturbent la paix int\u00e9rieure. Il aide \u00e0 reconna\u00eetre,\u2026","rel":"","context":"Article similaire","img":{"alt_text":"","src":"https:\/\/i0.wp.com\/jeanpaulsimard.com\/wp-content\/uploads\/2025\/10\/3484003c-2c7c-466a-b252-8def88ede4b9.jpg?resize=350%2C200","width":350,"height":200},"classes":[]},{"id":17,"url":"https:\/\/jeanpaulsimard.com\/index.php\/lauteur\/","url_meta":{"origin":3824,"position":5},"title":"L'auteur","date":"10 juillet 2015","format":false,"excerpt":"TITRES : \u00c9CRIVAIN, CONF\u00c9RENCIER et TH\u00c9OLOGIEN sp\u00e9cialis\u00e9 en ANTHROPOLOGIE SPIRITUELLE JEAN-PAUL SIMARD d\u00e9tient un dipl\u00f4me universitaire de 3e cycle (niveau du doctorat) en anthropologie spirituelle et th\u00e9ologie (Universit\u00e9 de Sherbrooke). Il s'int\u00e9resse particuli\u00e8rement \u00e0 la personne dans son questionnement int\u00e9rieur, dans sa recherche de r\u00e9ponses aux grandes questions existentielles portant\u2026","rel":"","context":"Avec 5 commentaires","img":{"alt_text":"","src":"https:\/\/i1.wp.com\/jeanpaulsimard.com\/wp-content\/uploads\/2015\/10\/image-FB-1.png?fit=470%2C249&ssl=1&resize=350%2C200","width":350,"height":200},"classes":[]}],"_links":{"self":[{"href":"https:\/\/jeanpaulsimard.com\/index.php\/wp-json\/wp\/v2\/pages\/3824"}],"collection":[{"href":"https:\/\/jeanpaulsimard.com\/index.php\/wp-json\/wp\/v2\/pages"}],"about":[{"href":"https:\/\/jeanpaulsimard.com\/index.php\/wp-json\/wp\/v2\/types\/page"}],"author":[{"embeddable":true,"href":"https:\/\/jeanpaulsimard.com\/index.php\/wp-json\/wp\/v2\/users\/2"}],"replies":[{"embeddable":true,"href":"https:\/\/jeanpaulsimard.com\/index.php\/wp-json\/wp\/v2\/comments?post=3824"}],"version-history":[{"count":1,"href":"https:\/\/jeanpaulsimard.com\/index.php\/wp-json\/wp\/v2\/pages\/3824\/revisions"}],"predecessor-version":[{"id":3825,"href":"https:\/\/jeanpaulsimard.com\/index.php\/wp-json\/wp\/v2\/pages\/3824\/revisions\/3825"}],"wp:attachment":[{"href":"https:\/\/jeanpaulsimard.com\/index.php\/wp-json\/wp\/v2\/media?parent=3824"}],"curies":[{"name":"wp","href":"https:\/\/api.w.org\/{rel}","templated":true}]}}